{"id":2294,"date":"2020-06-01T17:07:00","date_gmt":"2020-06-01T15:07:00","guid":{"rendered":"http:\/\/urbi-et-orbi.fr\/CMS\/?post_type=project&#038;p=2294"},"modified":"2021-03-05T17:20:05","modified_gmt":"2021-03-05T16:20:05","slug":"monastere-royal-de-brou","status":"publish","type":"project","link":"https:\/\/urbi-et-orbi.fr\/index.php\/project\/monastere-royal-de-brou\/","title":{"rendered":"Monast\u00e8re Royal de Brou"},"content":{"rendered":"<p>[et_pb_section fb_built=\u00a0\u00bb1&Prime; admin_label=\u00a0\u00bbEnTete &#8211; Couleur\u00a0\u00bb module_id=\u00a0\u00bba1menu\u00a0\u00bb module_class=\u00a0\u00bba1header\u00a0\u00bb _builder_version=\u00a0\u00bb4.5.3&Prime; background_color=\u00a0\u00bb#45b751&Prime; max_height=\u00a0\u00bb120px\u00a0\u00bb custom_padding=\u00a0\u00bb10px||0px||false|false\u00a0\u00bb border_width_bottom=\u00a0\u00bb1px\u00a0\u00bb border_color_bottom=\u00a0\u00bb#339999&Prime; border_style_bottom=\u00a0\u00bbnone\u00a0\u00bb global_module=\u00a0\u00bb1668&Prime;][et_pb_row column_structure=\u00a0\u00bb1_3,1_3,1_3&Prime; _builder_version=\u00a0\u00bb4.4.2&Prime; background_size=\u00a0\u00bbinitial\u00a0\u00bb background_position=\u00a0\u00bbtop_left\u00a0\u00bb background_repeat=\u00a0\u00bbrepeat\u00a0\u00bb custom_margin=\u00a0\u00bb||||false|false\u00a0\u00bb custom_padding=\u00a0\u00bb0px|5px|0px|5px|false|false\u00a0\u00bb][et_pb_column type=\u00a0\u00bb1_3&Prime; _builder_version=\u00a0\u00bb4.4.2&Prime;][et_pb_image src=\u00a0\u00bbhttps:\/\/urbi-et-orbi.fr\/wp-content\/uploads\/2020\/06\/Logo-UO-Menu-60&#215;350-B.png\u00a0\u00bb alt=\u00a0\u00bbLogo UO\u00a0\u00bb title_text=\u00a0\u00bbLogo-UO-Menu-60&#215;350-B\u00a0\u00bb url=\u00a0\u00bb@ET-DC@eyJkeW5hbWljIjp0cnVlLCJjb250ZW50IjoicG9zdF9saW5rX3VybF9wYWdlIiwic2V0dGluZ3MiOnsicG9zdF9pZCI6IjI4MiJ9fQ==@\u00a0\u00bb admin_label=\u00a0\u00bbLogo\u00a0\u00bb _builder_version=\u00a0\u00bb4.5.3&Prime; _dynamic_attributes=\u00a0\u00bburl\u00a0\u00bb][\/et_pb_image][et_pb_code admin_label=\u00a0\u00bbCode Java\u00a0\u00bb _builder_version=\u00a0\u00bb4.4.2&Prime;]<script>window.onscroll=function(){myFunction()};var a1header=document.getElementById(\"a1menu\"),sticky=a1header.offsetTop;function myFunction(){window.pageYOffset>sticky?a1header.classList.add(\"sticky\"):a1header.classList.remove(\"sticky\")}<\/script>[\/et_pb_code][\/et_pb_column][et_pb_column type=\u00a0\u00bb1_3&Prime; _builder_version=\u00a0\u00bb4.4.2&Prime;][et_pb_text disabled_on=\u00a0\u00bbon|on|off\u00a0\u00bb admin_label=\u00a0\u00bbMenu Ordi\u00a0\u00bb _builder_version=\u00a0\u00bb4.4.8&Prime; text_font=\u00a0\u00bbCabin||||||||\u00a0\u00bb custom_padding=\u00a0\u00bb30px||||false|false\u00a0\u00bb content__hover_enabled=\u00a0\u00bboff|desktop\u00a0\u00bb content__hover=\u00a0\u00bb<\/p>\n<h2 style=%22text-align: right;%22><span style=%22color: #000000;%22><a href=%22index.php\/atelier\/%22>atelier<\/a> \/ <a href=%22index.php\/projets\/%22>projet<\/a><\/span><\/h2>\n<p>\u00ab\u00a0]<\/p>\n<h2 style=\"text-align: right;\"><span style=\"color: #ffffff;\"><a href=\"index.php\/atelier\/\">atelier<\/a> \/ <a href=\"index.php\/projets\/\">projets<\/a><\/span><\/h2>\n<p>[\/et_pb_text][et_pb_menu submenu_direction=\u00a0\u00bbdownwards\u00a0\u00bb dropdown_menu_bg_color=\u00a0\u00bb#ffffff\u00a0\u00bb menu_icon_color=\u00a0\u00bb#ffffff\u00a0\u00bb menu_icon_font_size=\u00a0\u00bb30px\u00a0\u00bb disabled_on=\u00a0\u00bboff|off|on\u00a0\u00bb admin_label=\u00a0\u00bbMenu Mob\u00a0\u00bb _builder_version=\u00a0\u00bb4.4.8&Prime; menu_font=\u00a0\u00bbCabin||||||||\u00a0\u00bb menu_text_color=\u00a0\u00bb#000000&Prime; menu_font_size=\u00a0\u00bb18px\u00a0\u00bb background_enable_color=\u00a0\u00bboff\u00a0\u00bb text_orientation=\u00a0\u00bbright\u00a0\u00bb module_alignment=\u00a0\u00bbright\u00a0\u00bb custom_margin=\u00a0\u00bb-50px||||false|false\u00a0\u00bb menu_text_color__hover_enabled=\u00a0\u00bbon|desktop\u00a0\u00bb menu_text_color__hover=\u00a0\u00bb#ffffff\u00a0\u00bb][\/et_pb_menu][et_pb_code admin_label=\u00a0\u00bbCode CSS\u00a0\u00bb _builder_version=\u00a0\u00bb4.4.2&Prime;]<\/p>\n<style>.sticky{position:fixed;top:0;width:100%;z-index:9990;}<\/style>\n<p>[\/et_pb_code][\/et_pb_column][et_pb_column type=\u00a0\u00bb1_3&Prime; _builder_version=\u00a0\u00bb4.9.0&Prime; _module_preset=\u00a0\u00bbdefault\u00a0\u00bb][\/et_pb_column][\/et_pb_row][\/et_pb_section][et_pb_section fb_built=\u00a0\u00bb1&Prime; _builder_version=\u00a0\u00bb4.5.3&Prime; bottom_divider_color=\u00a0\u00bb#e0e0e0&Prime; border_width_bottom=\u00a0\u00bb3px\u00a0\u00bb border_color_bottom=\u00a0\u00bb#aaaaaa\u00a0\u00bb border_style_bottom=\u00a0\u00bbnone\u00a0\u00bb][et_pb_row _builder_version=\u00a0\u00bb4.0.9&Prime; custom_padding=\u00a0\u00bb0px||0px||false|false\u00a0\u00bb][et_pb_column type=\u00a0\u00bb4_4&Prime; _builder_version=\u00a0\u00bb4.0.9&Prime;][et_pb_text _builder_version=\u00a0\u00bb4.5.3&Prime;]<\/p>\n<div class=\"page\" title=\"Page 1\">\n<div class=\"layoutArea\">\n<div class=\"column\">\n<h1><span>Monast\u00e8re Royal de Brou<\/span><\/h1>\n<\/div>\n<\/div>\n<\/div>\n<p>[\/et_pb_text][\/et_pb_column][\/et_pb_row][et_pb_row _builder_version=\u00a0\u00bb4.4.1&Prime;][et_pb_column type=\u00a0\u00bb4_4&Prime; _builder_version=\u00a0\u00bb4.0.9&Prime;][et_pb_slider _builder_version=\u00a0\u00bb4.5.3&Prime; header_font_size=\u00a0\u00bb3px\u00a0\u00bb height=\u00a0\u00bb400px\u00a0\u00bb auto=\u00a0\u00bbon\u00a0\u00bb auto_speed=\u00a0\u00bb5000&Prime;][et_pb_slide heading=\u00a0\u00bb1&Prime; _builder_version=\u00a0\u00bb4.5.3&Prime; background_enable_color=\u00a0\u00bboff\u00a0\u00bb background_image=\u00a0\u00bbhttps:\/\/urbi-et-orbi.fr\/wp-content\/uploads\/2020\/08\/MonastereBrou-Top-1-1500.jpg\u00a0\u00bb background_enable_image=\u00a0\u00bbon\u00a0\u00bb sticky_transition=\u00a0\u00bbon\u00a0\u00bb][\/et_pb_slide][et_pb_slide heading=\u00a0\u00bb2&Prime; _builder_version=\u00a0\u00bb4.5.3&Prime; background_enable_color=\u00a0\u00bboff\u00a0\u00bb background_image=\u00a0\u00bbhttps:\/\/urbi-et-orbi.fr\/wp-content\/uploads\/2020\/08\/MonastereBrou-Top-2-1500.jpg\u00a0\u00bb background_enable_image=\u00a0\u00bbon\u00a0\u00bb sticky_transition=\u00a0\u00bbon\u00a0\u00bb][\/et_pb_slide][et_pb_slide heading=\u00a0\u00bb3&Prime; _builder_version=\u00a0\u00bb4.5.3&Prime; background_enable_color=\u00a0\u00bboff\u00a0\u00bb background_image=\u00a0\u00bbhttps:\/\/urbi-et-orbi.fr\/wp-content\/uploads\/2020\/08\/MonastereBrou-Top-3-1500.jpg\u00a0\u00bb background_enable_image=\u00a0\u00bbon\u00a0\u00bb sticky_transition=\u00a0\u00bbon\u00a0\u00bb][\/et_pb_slide][et_pb_slide heading=\u00a0\u00bb4&Prime; _builder_version=\u00a0\u00bb4.5.3&Prime; background_enable_color=\u00a0\u00bboff\u00a0\u00bb background_image=\u00a0\u00bbhttps:\/\/urbi-et-orbi.fr\/wp-content\/uploads\/2020\/08\/MonastereBrou-Top-4-1500.jpg\u00a0\u00bb background_enable_image=\u00a0\u00bbon\u00a0\u00bb sticky_transition=\u00a0\u00bbon\u00a0\u00bb][\/et_pb_slide][et_pb_slide heading=\u00a0\u00bb5&Prime; _builder_version=\u00a0\u00bb4.5.3&Prime; background_enable_color=\u00a0\u00bboff\u00a0\u00bb background_image=\u00a0\u00bbhttps:\/\/urbi-et-orbi.fr\/wp-content\/uploads\/2020\/08\/MonastereBrou-Top-5-1500.jpg\u00a0\u00bb background_enable_image=\u00a0\u00bbon\u00a0\u00bb sticky_transition=\u00a0\u00bbon\u00a0\u00bb][\/et_pb_slide][\/et_pb_slider][\/et_pb_column][\/et_pb_row][\/et_pb_section][et_pb_section fb_built=\u00a0\u00bb1&Prime; _builder_version=\u00a0\u00bb4.0.9&Prime; background_enable_color=\u00a0\u00bboff\u00a0\u00bb top_divider_color=\u00a0\u00bb#e0e0e0&Prime;][et_pb_row column_structure=\u00a0\u00bb2_3,1_3&Prime; _builder_version=\u00a0\u00bb4.4.1&Prime; custom_margin=\u00a0\u00bb||||false|false\u00a0\u00bb][et_pb_column type=\u00a0\u00bb2_3&Prime; _builder_version=\u00a0\u00bb4.0.9&Prime;][et_pb_text _builder_version=\u00a0\u00bb4.5.3&Prime; custom_padding=\u00a0\u00bb||0px|||\u00a0\u00bb]<\/p>\n<h2>\u00c9tude de composition urbaine du monast\u00e8re et de ses abords<\/h2>\n<p>Le monast\u00e8re royal de Brou est un lieu majeur de la ville de Bourg-en-Bresse, qui historiquement s\u2019est toujours situ\u00e9 \u00e0 l\u2019\u00e9cart de la ville, sur la route entre Bourg-en-Bresse et la Savoie. Aujourd\u2019hui le monast\u00e8re conna\u00eet une situation particuli\u00e8re en p\u00e9riph\u00e9rie de l\u2019agglom\u00e9ration burgienne.<\/p>\n<p>[\/et_pb_text][\/et_pb_column][et_pb_column type=\u00a0\u00bb1_3&Prime; _builder_version=\u00a0\u00bb4.0.9&Prime;][et_pb_text _builder_version=\u00a0\u00bb4.5.3&Prime; text_text_color=\u00a0\u00bb#000000&Prime; custom_padding=\u00a0\u00bb5px|5px|5px|5px|false|false\u00a0\u00bb border_radii=\u00a0\u00bbon|5px|5px|5px|5px\u00a0\u00bb border_width_all=\u00a0\u00bb2px\u00a0\u00bb border_color_all=\u00a0\u00bb#45b751&Prime;]<\/p>\n<p><strong>\u00a0Ma\u00eetre d&rsquo;ouvrage<\/strong> : Ville de Bourg-en-Bresse<br \/> <strong>Monast\u00e8re Royal de Brou<\/strong><br \/> <strong>Ann\u00e9e<\/strong> de livraison : 2020<br \/> <strong>\u00c9quipe<\/strong> : Atelier UO, Archipat, FTDM, Abtoo, VDI<br \/> <strong>Mission :<\/strong>\u00a0Etude de composition urbaine et paysag\u00e8re<\/p>\n<p>[\/et_pb_text][\/et_pb_column][\/et_pb_row][et_pb_row column_structure=\u00a0\u00bb1_2,1_2&Prime; _builder_version=\u00a0\u00bb4.4.1&Prime;][et_pb_column type=\u00a0\u00bb1_2&Prime; _builder_version=\u00a0\u00bb4.0.9&Prime;][et_pb_text _builder_version=\u00a0\u00bb4.5.3&Prime;]<\/p>\n<p>L\u2019\u00e9tude a pour objectif de conforter l\u2019attractivit\u00e9 de ce monument exceptionnel et de son site, mais \u00e9galement de tisser une offre \u00e0 l\u2019usage du plus grand nombre, et ainsi d\u2019ins\u00e9rer ce site dans la ville, en r\u00e9pondant aux attentes locales.<\/p>\n<h3>4 th\u00e9matiques de d\u00e9veloppement<\/h3>\n<p>Brou loisirs et familiale, Brou naturelle, Brou urbaine, Brou patrimoniale &#8211; mettent en exergue cette n\u00e9cessit\u00e9 d\u2019articuler et combiner paysage exceptionnel et paysage du quotidien, pour d\u00e9velopper un accueil qualitatif, une offre diversifi\u00e9e, ancr\u00e9e dans le tissu local. Ainsi, cette \u00e9tude doit permettre de penser l\u2019\u00e9volution du parc du monast\u00e8re de Brou pour concilier valorisation patrimoniale et accueil du public, pour ouvrir le site sur la ville, conforter son attractivit\u00e9 et assurer une gestion durable et raisonn\u00e9e de ces nouveaux espaces d\u2019accueil du public.<\/p>\n<p>[\/et_pb_text][\/et_pb_column][et_pb_column type=\u00a0\u00bb1_2&Prime; _builder_version=\u00a0\u00bb4.0.9&Prime;][et_pb_image src=\u00a0\u00bbhttps:\/\/urbi-et-orbi.fr\/wp-content\/uploads\/2020\/08\/MonastereBrou-Illustration-800.jpg\u00a0\u00bb title_text=\u00a0\u00bbMonastereBrou-Illustration-800&Prime; _builder_version=\u00a0\u00bb4.5.3&Prime;][\/et_pb_image][\/et_pb_column][\/et_pb_row][et_pb_row _builder_version=\u00a0\u00bb4.0.9&Prime;][et_pb_column type=\u00a0\u00bb4_4&Prime; _builder_version=\u00a0\u00bb4.0.9&Prime;][et_pb_image src=\u00a0\u00bbhttps:\/\/urbi-et-orbi.fr\/wp-content\/uploads\/2020\/08\/MonastereBrou-Div-1-1500.jpg\u00a0\u00bb title_text=\u00a0\u00bbMonastereBrou-Div-1-1500&Prime; _builder_version=\u00a0\u00bb4.5.3&Prime;][\/et_pb_image][\/et_pb_column][\/et_pb_row][\/et_pb_section][et_pb_section fb_built=\u00a0\u00bb1&Prime; _builder_version=\u00a0\u00bb4.4.1&Prime; global_module=\u00a0\u00bb1433&Prime;][et_pb_row admin_label=\u00a0\u00bbLigne\u00a0\u00bb _builder_version=\u00a0\u00bb4.6.5&Prime; _module_preset=\u00a0\u00bbdefault\u00a0\u00bb custom_margin=\u00a0\u00bb||||false|false\u00a0\u00bb custom_padding=\u00a0\u00bb0px||0px||false|false\u00a0\u00bb collapsed=\u00a0\u00bboff\u00a0\u00bb][et_pb_column type=\u00a0\u00bb4_4&Prime; _builder_version=\u00a0\u00bb4.6.5&Prime; _module_preset=\u00a0\u00bbdefault\u00a0\u00bb][et_pb_text admin_label=\u00a0\u00bbTexte Voir d&rsquo;autres projets\u00a0\u00bb _builder_version=\u00a0\u00bb4.6.5&Prime; _module_preset=\u00a0\u00bbdefault\u00a0\u00bb]<\/p>\n<h2>Voir d&rsquo;autres projets<\/h2>\n<p>[\/et_pb_text][\/et_pb_column][\/et_pb_row][et_pb_row column_structure=\u00a0\u00bb1_5,1_5,1_5,1_5,1_5&Prime; _builder_version=\u00a0\u00bb4.6.5&Prime; _module_preset=\u00a0\u00bbdefault\u00a0\u00bb custom_padding=\u00a0\u00bb10px||||false|false\u00a0\u00bb][et_pb_column type=\u00a0\u00bb1_5&Prime; _builder_version=\u00a0\u00bb4.6.5&Prime; _module_preset=\u00a0\u00bbdefault\u00a0\u00bb][et_pb_text admin_label=\u00a0\u00bbCat &#8211; GT&#038;P\u00a0\u00bb _builder_version=\u00a0\u00bb4.4.8&Prime; _dynamic_attributes=\u00a0\u00bblink_option_url\u00a0\u00bb link_option_url=\u00a0\u00bb@ET-DC@eyJkeW5hbWljIjp0cnVlLCJjb250ZW50IjoicG9zdF9saW5rX3VybF9wYWdlIiwic2V0dGluZ3MiOnsicG9zdF9pZCI6IjE0MDYifX0=@\u00a0\u00bb locked=\u00a0\u00bboff\u00a0\u00bb]<\/p>\n<h4 style=\"text-align: center;\"><span style=\"color: #45b751;\">Grand territoire &amp; planification<\/span><\/h4>\n<p>[\/et_pb_text][\/et_pb_column][et_pb_column type=\u00a0\u00bb1_5&Prime; _builder_version=\u00a0\u00bb4.6.5&Prime; _module_preset=\u00a0\u00bbdefault\u00a0\u00bb][et_pb_text admin_label=\u00a0\u00bbCat &#8211; PU\u00a0\u00bb _builder_version=\u00a0\u00bb4.4.8&Prime; _dynamic_attributes=\u00a0\u00bblink_option_url\u00a0\u00bb link_option_url=\u00a0\u00bb@ET-DC@eyJkeW5hbWljIjp0cnVlLCJjb250ZW50IjoicG9zdF9saW5rX3VybF9wYWdlIiwic2V0dGluZ3MiOnsicG9zdF9pZCI6IjE0MjAifX0=@\u00a0\u00bb locked=\u00a0\u00bboff\u00a0\u00bb]<\/p>\n<h4 style=\"text-align: center;\"><span style=\"color: #45b751;\">Projets urbains<\/span><\/h4>\n<p>[\/et_pb_text][\/et_pb_column][et_pb_column type=\u00a0\u00bb1_5&Prime; _builder_version=\u00a0\u00bb4.6.5&Prime; _module_preset=\u00a0\u00bbdefault\u00a0\u00bb][et_pb_text admin_label=\u00a0\u00bbCat &#8211; EP\u00a0\u00bb _builder_version=\u00a0\u00bb4.4.8&Prime; _dynamic_attributes=\u00a0\u00bblink_option_url\u00a0\u00bb custom_margin=\u00a0\u00bb0px||0px||false|false\u00a0\u00bb custom_padding=\u00a0\u00bb||||false|false\u00a0\u00bb link_option_url=\u00a0\u00bb@ET-DC@eyJkeW5hbWljIjp0cnVlLCJjb250ZW50IjoicG9zdF9saW5rX3VybF9wYWdlIiwic2V0dGluZ3MiOnsicG9zdF9pZCI6IjE0NDQifX0=@\u00a0\u00bb locked=\u00a0\u00bboff\u00a0\u00bb]<\/p>\n<h4 style=\"text-align: center;\"><span style=\"color: #45b751;\">Espaces publics<\/span><\/h4>\n<p>[\/et_pb_text][\/et_pb_column][et_pb_column type=\u00a0\u00bb1_5&Prime; _builder_version=\u00a0\u00bb4.6.5&Prime; _module_preset=\u00a0\u00bbdefault\u00a0\u00bb][et_pb_text admin_label=\u00a0\u00bbCat &#8211; SN&#038;P\u00a0\u00bb _builder_version=\u00a0\u00bb4.4.8&Prime; _dynamic_attributes=\u00a0\u00bblink_option_url\u00a0\u00bb link_option_url=\u00a0\u00bb@ET-DC@eyJkeW5hbWljIjp0cnVlLCJjb250ZW50IjoicG9zdF9saW5rX3VybF9wYWdlIiwic2V0dGluZ3MiOnsicG9zdF9pZCI6IjE0NTIifX0=@\u00a0\u00bb locked=\u00a0\u00bboff\u00a0\u00bb]<\/p>\n<h4 style=\"text-align: center;\"><span style=\"color: #45b751;\">Sites naturels &amp; parcs<\/span><\/h4>\n<p>[\/et_pb_text][\/et_pb_column][et_pb_column type=\u00a0\u00bb1_5&Prime; _builder_version=\u00a0\u00bb4.6.5&Prime; _module_preset=\u00a0\u00bbdefault\u00a0\u00bb][et_pb_text admin_label=\u00a0\u00bbCat &#8211; B&#038;RU\u00a0\u00bb _builder_version=\u00a0\u00bb4.4.8&Prime; _dynamic_attributes=\u00a0\u00bblink_option_url\u00a0\u00bb link_option_url=\u00a0\u00bb@ET-DC@eyJkeW5hbWljIjp0cnVlLCJjb250ZW50IjoicG9zdF9saW5rX3VybF9wYWdlIiwic2V0dGluZ3MiOnsicG9zdF9pZCI6IjE0NjAifX0=@\u00a0\u00bb locked=\u00a0\u00bboff\u00a0\u00bb]<\/p>\n<h4 style=\"text-align: center;\"><span style=\"color: #45b751;\">B\u00e2timents &amp; renouvellement urbain<\/span><\/h4>\n<p>[\/et_pb_text][\/et_pb_column][\/et_pb_row][\/et_pb_section][et_pb_section fb_built=\u00a0\u00bb1&Prime; _builder_version=\u00a0\u00bb4.4.8&Prime; background_color=\u00a0\u00bb#00cc66&Prime; background_enable_color=\u00a0\u00bboff\u00a0\u00bb use_background_color_gradient=\u00a0\u00bbon\u00a0\u00bb background_color_gradient_start=\u00a0\u00bb#ffffff\u00a0\u00bb background_color_gradient_end=\u00a0\u00bb#939393&Prime; custom_margin=\u00a0\u00bb||||false|false\u00a0\u00bb custom_padding=\u00a0\u00bb10px||0px||false|false\u00a0\u00bb global_module=\u00a0\u00bb1258&Prime; saved_tabs=\u00a0\u00bball\u00a0\u00bb locked=\u00a0\u00bboff\u00a0\u00bb][et_pb_row column_structure=\u00a0\u00bb1_2,1_2&Prime; _builder_version=\u00a0\u00bb4.4.2&Prime; width=\u00a0\u00bb100%\u00a0\u00bb custom_padding=\u00a0\u00bb|5px||5px|false|false\u00a0\u00bb][et_pb_column type=\u00a0\u00bb1_2&Prime; admin_label=\u00a0\u00bbAdresse\u00a0\u00bb _builder_version=\u00a0\u00bb4.4.2&Prime;][et_pb_text admin_label=\u00a0\u00bbAtelier UO\u00a0\u00bb _builder_version=\u00a0\u00bb4.5.3&Prime;]<\/p>\n<h3><strong>Atelier<\/strong> <img loading=\"lazy\" decoding=\"async\" class=\"alignnone wp-image-2188 size-full\" src=\"https:\/\/urbi-et-orbi.fr\/wp-content\/uploads\/2020\/08\/Logo-UO-Footer-25x42-V.png\" alt=\"\" width=\"42\" height=\"25\" \/><\/h3>\n<h5>7 Grande rue de Saint-Rambert, 69009 Lyon<br \/>contact<!--bla-->@<!--bla-->urbi<!--bla-->-et-<!--bla-->orbi.<!--bla-->fr<br \/>Tel : <span style=\"color: #45b751;\"><a href=\"tel:+33472002724\">04 72 00 27 24<\/a><\/span><\/h5>\n<p>[\/et_pb_text][\/et_pb_column][et_pb_column type=\u00a0\u00bb1_2&Prime; admin_label=\u00a0\u00bbInstagram\u00a0\u00bb _builder_version=\u00a0\u00bb4.4.2&Prime;][et_pb_text disabled_on=\u00a0\u00bbon|on|off\u00a0\u00bb admin_label=\u00a0\u00bbInstagram &#038; Mention l\u00e9gales &#8211; Ordi\u00a0\u00bb _builder_version=\u00a0\u00bb4.5.3&Prime; custom_padding=\u00a0\u00bb0px||0px||false|false\u00a0\u00bb]<\/p>\n<h5 style=\"text-align: right;\"><a title=\"Suivez nous sur Instagram\" href=\"https:\/\/www.instagram.com\/atelier_uo\/\"><img loading=\"lazy\" decoding=\"async\" class=\"wp-image-1113 alignnone size-medium\" src=\"https:\/\/urbi-et-orbi.fr\/wp-content\/uploads\/2020\/03\/Instagram-N-300x300.png\" alt=\"\" width=\"30\" height=\"30\" \/><\/a><br \/><span style=\"color: #45b751;\"><a title=\"Consulter\" href=\"https:\/\/urbi-et-orbi.fr\/index.php\/mentions-legales\/\">Mentions l\u00e9gales<\/a><\/span><\/h5>\n<p>[\/et_pb_text][et_pb_text disabled_on=\u00a0\u00bboff|off|on\u00a0\u00bb admin_label=\u00a0\u00bbInstagram &#038; Mention l\u00e9gales &#8211; Mob\u00a0\u00bb _builder_version=\u00a0\u00bb4.5.3&Prime; custom_margin=\u00a0\u00bb-50px||||false|false\u00a0\u00bb custom_padding=\u00a0\u00bb0px||0px||false|false\u00a0\u00bb locked=\u00a0\u00bboff\u00a0\u00bb]<\/p>\n<h5 style=\"text-align: right;\"><a title=\"Suivez nous sur Instagram\" href=\"https:\/\/www.instagram.com\/atelier_uo\/\"><img loading=\"lazy\" decoding=\"async\" class=\"wp-image-1113 alignnone size-medium\" src=\"https:\/\/urbi-et-orbi.fr\/wp-content\/uploads\/2020\/03\/Instagram-N-300x300.png\" alt=\"\" width=\"30\" height=\"30\" \/><\/a><br \/><span style=\"color: #45b751;\"><a title=\"Consulter\" href=\"https:\/\/urbi-et-orbi.fr\/index.php\/mentions-legales\/\">Mentions l\u00e9gales<\/a><\/span><\/h5>\n<p>[\/et_pb_text][\/et_pb_column][\/et_pb_row][\/et_pb_section]<\/p>\n","protected":false},"excerpt":{"rendered":"<p>atelier \/ projets Monast\u00e8re Royal de Brou \u00c9tude de composition urbaine du monast\u00e8re et de ses abords Le monast\u00e8re royal de Brou est un lieu majeur de la ville de Bourg-en-Bresse, qui historiquement s\u2019est toujours situ\u00e9 \u00e0 l\u2019\u00e9cart de la ville, sur la route entre Bourg-en-Bresse et la Savoie. Aujourd\u2019hui le monast\u00e8re conna\u00eet une situation [&hellip;]<\/p>\n","protected":false},"author":1,"featured_media":2288,"comment_status":"open","ping_status":"closed","template":"","meta":{"_et_pb_use_builder":"on","_et_pb_old_content":"","_et_gb_content_width":"","footnotes":""},"project_category":[29],"project_tag":[],"class_list":["post-2294","project","type-project","status-publish","has-post-thumbnail","hentry","project_category-projets-urbains"],"aioseo_notices":[],"_links":{"self":[{"href":"https:\/\/urbi-et-orbi.fr\/index.php\/wp-json\/wp\/v2\/project\/2294","targetHints":{"allow":["GET"]}}],"collection":[{"href":"https:\/\/urbi-et-orbi.fr\/index.php\/wp-json\/wp\/v2\/project"}],"about":[{"href":"https:\/\/urbi-et-orbi.fr\/index.php\/wp-json\/wp\/v2\/types\/project"}],"author":[{"embeddable":true,"href":"https:\/\/urbi-et-orbi.fr\/index.php\/wp-json\/wp\/v2\/users\/1"}],"replies":[{"embeddable":true,"href":"https:\/\/urbi-et-orbi.fr\/index.php\/wp-json\/wp\/v2\/comments?post=2294"}],"version-history":[{"count":14,"href":"https:\/\/urbi-et-orbi.fr\/index.php\/wp-json\/wp\/v2\/project\/2294\/revisions"}],"predecessor-version":[{"id":2739,"href":"https:\/\/urbi-et-orbi.fr\/index.php\/wp-json\/wp\/v2\/project\/2294\/revisions\/2739"}],"wp:featuredmedia":[{"embeddable":true,"href":"https:\/\/urbi-et-orbi.fr\/index.php\/wp-json\/wp\/v2\/media\/2288"}],"wp:attachment":[{"href":"https:\/\/urbi-et-orbi.fr\/index.php\/wp-json\/wp\/v2\/media?parent=2294"}],"wp:term":[{"taxonomy":"project_category","embeddable":true,"href":"https:\/\/urbi-et-orbi.fr\/index.php\/wp-json\/wp\/v2\/project_category?post=2294"},{"taxonomy":"project_tag","embeddable":true,"href":"https:\/\/urbi-et-orbi.fr\/index.php\/wp-json\/wp\/v2\/project_tag?post=2294"}],"curies":[{"name":"wp","href":"https:\/\/api.w.org\/{rel}","templated":true}]}}